{"id":25801,"date":"2021-11-19T18:38:16","date_gmt":"2021-11-19T18:38:16","guid":{"rendered":"https:\/\/immosaratenerife.com\/pourquoi-immo-sara-tenerife\/"},"modified":"2025-12-03T10:02:47","modified_gmt":"2025-12-03T10:02:47","slug":"pourquoi-immo-sara-tenerife","status":"publish","type":"page","link":"https:\/\/immosaratenerife.com\/fr\/pourquoi-immo-sara-tenerife\/","title":{"rendered":"Pourquoi \u201cImmo Sara Tenerife\u201d"},"content":{"rendered":"\t\t<div data-elementor-type=\"wp-page\" data-elementor-id=\"25801\" class=\"elementor elementor-25801 elementor-25770\">\n\t\t\t\t\t\t<section class=\"elementor-section elementor-top-section elementor-element elementor-element-a0ad07e elementor-section-boxed elementor-section-height-default elementor-section-height-default\" data-id=\"a0ad07e\" data-element_type=\"section\" data-e-type=\"section\">\n\t\t\t\t\t\t<div class=\"elementor-container elementor-column-gap-default\">\n\t\t\t\t\t<div class=\"elementor-column elementor-col-100 elementor-top-column elementor-element elementor-element-dd9d7ee\" data-id=\"dd9d7ee\" data-element_type=\"column\" data-e-type=\"column\">\n\t\t\t<div class=\"elementor-widget-wrap elementor-element-populated\">\n\t\t\t\t\t\t<div class=\"elementor-element elementor-element-12401ab elementor-widget elementor-widget-heading\" data-id=\"12401ab\" data-element_type=\"widget\" data-e-type=\"widget\" data-widget_type=\"heading.default\">\n\t\t\t\t<div class=\"elementor-widget-container\">\n\t\t\t\t\t<h3 class=\"elementor-heading-title elementor-size-default\">Pourquoi \u201cImmo Sara Tenerife\u201d<\/h3>\t\t\t\t<\/div>\n\t\t\t\t<\/div>\n\t\t\t\t<div class=\"elementor-element elementor-element-9b931ea elementor-widget elementor-widget-text-editor\" data-id=\"9b931ea\" data-element_type=\"widget\" data-e-type=\"widget\" data-widget_type=\"text-editor.default\">\n\t\t\t\t<div class=\"elementor-widget-container\">\n\t\t\t\t\t\t\t\t\t<p>Histoire:<br \/>C\u00b4est avec beaucoup d&rsquo;enthousiasme que j\u00b4ai travaill\u00e9, pendant une dizaine d\u00b4ann\u00e9es, pour une grande agence immobili\u00e8re \u00e0 Tenerife,<br \/>gr\u00e2ce \u00e0 qui j&rsquo;ai beaucoup appris et dont je suis reconnaissante. <br \/>Pendant la p\u00e9riode du Covid, j&rsquo;ai failli me diriger vers un autre secteur, \u00e0 cause de la situation incertaine, <br \/>malgr\u00e9 mon amour pour le m\u00e9tier. <br \/>Mais gr\u00e2ce aux nombreux encouragements de mes clients, <br \/>j&rsquo;ai d\u00e9cid\u00e9 de poursuivre ma vie professionnelle et de passer \u00e0 l&rsquo;\u00e9tape suivante.<br \/>C\u2019est comme \u00e7a que, en d\u00e9cembre 2020, \u00abImmoSaraTenerife \u00bb est n\u00e9.<\/p><p>Ma m\u00e9thode de travailler et mes services<span style=\"font-size: inherit; text-align: inherit; letter-spacing: -0.015em;\">:<br \/><\/span>Je travaille \u00ab\u00a0\u00e0 la carte\u00a0\u00bb, ma recherche pour vous c\u2019est du \u00ab\u00a0sur mesure\u00a0\u00bb, je travaille \u00ab\u00a0sur rendez-vous\u00a0\u00bb <br \/>et je vous accompagne tout au long du processus d&rsquo;achat et\/ou de vente de votre bien immobilier \u00e0 Tenerife, du d\u00e9but \u00e0 la fin.<br \/>Je travaille avec une \u00e9quipe de sp\u00e9cialistes, professionnels dans leurs domaines : avocats, comptables, fiscalistes, etc.<br \/>Si je n&rsquo;ai pas le bien immobilier que vous recherchez dans mon propre portefeuille, j\u2019en chercherai aupr\u00e8s d&rsquo;autres courtiers de confiance, <br \/>et ce jusqu&rsquo;\u00e0 ce que je vous ai trouv\u00e9 la propri\u00e9t\u00e9 id\u00e9ale. <br \/>Je vous guiderai \u00e9galement tout au long du processus de A \u00e0 Z et dans votre propre langue.<\/p><p>Remerciements:<br \/>A ce jour, j&rsquo;aime encore toujours mon travail, je le fais avec beaucoup d&rsquo;enthousiasme et beaucoup de plaisir. <br \/>Merci \u00e0 tous mes clients qui ont toujours cru en moi et gr\u00e2ce \u00e0 qui \u201cImmoSaraTenerife\u201dest n\u00e9!<br \/>Je suis \u00e0 votre disposition pour toutes vos op\u00e9rations immobili\u00e8res \u00e0 Tenerife.<br \/>Je vous remercie et j\u2019esp\u00e8re vous rencontrer bient\u00f4t.<br \/>Cordialement,<br \/>Sara.<\/p>\t\t\t\t\t\t\t\t<\/div>\n\t\t\t\t<\/div>\n\t\t\t\t\t<\/div>\n\t\t<\/div>\n\t\t\t\t\t<\/div>\n\t\t<\/section>\n\t\t\t\t<\/div>\n\t\t","protected":false},"excerpt":{"rendered":"<p>Pourquoi \u201cImmo Sara Tenerife\u201d Histoire:C\u00b4est avec beaucoup d&rsquo;enthousiasme que j\u00b4ai travaill\u00e9, pendant une dizaine d\u00b4ann\u00e9es, pour une grande agence immobili\u00e8re \u00e0 Tenerife,gr\u00e2ce \u00e0 qui j&rsquo;ai beaucoup appris et dont je suis reconnaissante. Pendant la p\u00e9riode du Covid, j&rsquo;ai failli me diriger vers un autre secteur, \u00e0 cause de la situation incertaine, malgr\u00e9 mon amour pour [&hellip;]<\/p>\n","protected":false},"author":47309588,"featured_media":0,"parent":0,"menu_order":0,"comment_status":"closed","ping_status":"closed","template":"elementor_header_footer","meta":{"_acf_changed":false,"advanced_seo_description":"","jetpack_seo_html_title":"","jetpack_seo_noindex":false,"footnotes":""},"class_list":["post-25801","page","type-page","status-publish","hentry"],"acf":[],"jetpack_likes_enabled":true,"jetpack_sharing_enabled":true,"jetpack_shortlink":"https:\/\/wp.me\/PczWLs-6I9","_links":{"self":[{"href":"https:\/\/immosaratenerife.com\/fr\/wp-json\/wp\/v2\/pages\/25801","targetHints":{"allow":["GET"]}}],"collection":[{"href":"https:\/\/immosaratenerife.com\/fr\/wp-json\/wp\/v2\/pages"}],"about":[{"href":"https:\/\/immosaratenerife.com\/fr\/wp-json\/wp\/v2\/types\/page"}],"author":[{"embeddable":true,"href":"https:\/\/immosaratenerife.com\/fr\/wp-json\/wp\/v2\/users\/47309588"}],"replies":[{"embeddable":true,"href":"https:\/\/immosaratenerife.com\/fr\/wp-json\/wp\/v2\/comments?post=25801"}],"version-history":[{"count":37,"href":"https:\/\/immosaratenerife.com\/fr\/wp-json\/wp\/v2\/pages\/25801\/revisions"}],"predecessor-version":[{"id":121308,"href":"https:\/\/immosaratenerife.com\/fr\/wp-json\/wp\/v2\/pages\/25801\/revisions\/121308"}],"wp:attachment":[{"href":"https:\/\/immosaratenerife.com\/fr\/wp-json\/wp\/v2\/media?parent=25801"}],"curies":[{"name":"wp","href":"https:\/\/api.w.org\/{rel}","templated":true}]}}